{"version":"1.0","provider_name":"Artesia M\u0171hely","provider_url":"https:\/\/artesia.cafeblog.hu","author_name":"Artesia M\u0171hely","author_url":"https:\/\/artesia.cafeblog.hu\/author\/marton_edit\/","title":"A sz\u00fcrkes\u00e9g, mely kor\u00e1ntsem lett egy egyszer\u0171 sz\u00fcrke","html":"<p style=\"text-align: justify\">Sziasztok! Egy \u00fajabb gy\u00f6ny\u00f6r\u0171s\u00e9get hoztam, ism\u00e9t egy szekr\u00e9nyt.<\/p>\r\n<p style=\"text-align: justify\">M\u00e9g a borong\u00f3s \u0151szi napok el\u0151tt fejeztem be\u00a0ezt a b\u00fatort, amit eredetileg magunknak v\u00e1s\u00e1roltam. Mit v\u00e1s\u00e1roltam?! Szerelembe estem els\u0151 l\u00e1t\u00e1sra. A szem\u00e9lyes \"tal\u00e1lkoz\u00e1sunkkor\", azaz a m\u00e1sodik l\u00e1t\u00e1sra m\u00e1r nem volt olyan sz\u00e9p a le\u00e1nyz\u00f3: l\u00e1ttam, hogy itt az\u00e9rt lesz feladat rendesen! El is gondolkodtam, kell-e ez annyira nekem?! Mivel koppra bef\u00e9rt a kocsiba (led\u00f6nt\u00f6tt \u00fcl\u00e9sekkel \u00e9s szinte \"nyakambanal\u00e1bam\" vezet\u00e9si helyzetben), m\u00e1r tudtam, hogy \u0151, azaz a szekr\u00e9ny j\u00f6n velem. Ma m\u00e1r tudom: kellett nekem! :-)<\/p>\r\n<p style=\"text-align: justify\">Mivel a sz\u00fa el\u00e9g rendesen t\u00f6nkretette az alj\u00e1t, az \u00fcgyes asztalost\u00f3l \u00faj l\u00e1bakat, oldal\u00e1nak alja pedig sz\u00e9p p\u00f3tl\u00e1st kapott.<\/p>\r\n<p style=\"text-align: justify\"><a href=\"https:\/\/artesia.cafeblog.hu\/files\/2016\/11\/k\u00f6nyvesszekr\u00e9ny_ilyenvolt2.jpg\"><img class=\"aligncenter wp-image-453 size-medium\" src=\"https:\/\/artesia.cafeblog.hu\/files\/2016\/11\/k\u00f6nyvesszekr\u00e9ny_ilyenvolt2-171x300.jpg\" width=\"171\" height=\"300\" \/><\/a><\/p>\r\n<p style=\"text-align: justify\">Gyorsan neki is fogtam egysz\u00edn\u0171re var\u00e1zsolni, \u00edgy kapott egy sz\u00e9p di\u00f3 laz\u00far alapot. M\u00e1r tervezgettem, hova is fog ker\u00fclni, milyenre fogom festeni. Mindenk\u00e9pp sz\u00ednes, s\u00f6t\u00e9t bels\u0151t \u00e9s vil\u00e1gos k\u00fcls\u0151t szerettem volna. A v\u00e1laszt\u00e1som Annie Sloan gy\u00f6ny\u00f6r\u0171 b\u00e1rsonyos k\u00e9k sz\u00edn\u00e9re, a Napoleonic Blue-ra esett. Egyszer\u0171en im\u00e1dom ezt a sz\u00ednt!\u00a0<\/p>\r\n<p style=\"text-align: justify\"><a href=\"https:\/\/artesia.cafeblog.hu\/files\/2016\/11\/DSC_0048.jpg\"><img class=\"aligncenter wp-image-454 size-medium\" src=\"https:\/\/artesia.cafeblog.hu\/files\/2016\/11\/DSC_0048-300x224.jpg\" width=\"300\" height=\"224\" \/><\/a><\/p>\r\n<p style=\"text-align: justify\">Bel\u00fcl nem is vari\u00e1ltam vele sokat, vill\u00e1mgyorsan le is festettem. Csup\u00e1n 1 r\u00e9teget kapott. Nem akartam, hogy teljesen befedje a di\u00f3 alapot, tetszett \u00edgy, hogy itt-ott a barna visszak\u00f6sz\u00f6n.<\/p>\r\n<p style=\"text-align: justify\"><a href=\"https:\/\/artesia.cafeblog.hu\/files\/2016\/11\/DSC_0060-1.jpg\"><img class=\"aligncenter wp-image-456 size-medium\" src=\"https:\/\/artesia.cafeblog.hu\/files\/2016\/11\/DSC_0060-1-300x226.jpg\" width=\"300\" height=\"226\" \/><\/a><\/p>\r\n<p style=\"text-align: justify\">A szekr\u00e9ny k\u00fclsej\u00e9t el\u0151sz\u00f6r feh\u00e9rrel festettem (Old White), majd sz\u00fcrk\u00e9kkel \"mostam\" (Paris Grey \u00e9s French Linen). Ezt az antikol\u00e1si technik\u00e1t nevezz\u00fck grey wash-nak, de val\u00f3j\u00e1ban b\u00e1rmilyen sz\u00ednnel megtehetj\u00fck ezt. A fest\u00e9ket kicsit vizesebben viszem fel, majd egy ronggyal, sz\u00e1lir\u00e1nyban (ez fontos) visszat\u00f6rl\u00f6m. Mindezt addig ism\u00e9telgetve, m\u00edg a k\u00edv\u00e1nt sz\u00ednt, fel\u00fcletet meg nem kapom.<\/p>\r\n<p style=\"text-align: justify\">Akik j\u00e1rtak m\u00e1r n\u00e1lam b\u00fatorfest\u0151 workshopon tudj\u00e1k, hogy \u00e9n nagyon szeretek nem csak ecsettel festeni, hanem minden eszk\u00f6zt haszn\u00e1lok. A m\u00faltkori posztban \u00a0(<a href=\"https:\/\/artesia.cafeblog.hu\/2016\/10\/11\/a-szekreny-aminek-lelke-van\/\">A szekr\u00e9ny, aminek lelke van<\/a>) is olvashatt\u00e1tok, hogy haszn\u00e1lok rongyot (puh\u00e1bbat, kem\u00e9nyebbet), szivacsot vagy ak\u00e1r az ujjamat is egy kis \"maszatol\u00e1shoz\", de nevezz\u00fck ink\u00e1bb r\u00e9tegez\u00e9snek. ;-) Na enn\u00e9l a technik\u00e1n\u00e1l kifejezetten szeretem a szivacsot, mert gy\u00f6ny\u00f6r\u0171en lehet vele v\u00e9kony r\u00e9teget k\u00e9pezni, \u00f6sszemosni a sz\u00edneket.<\/p>\r\n<p style=\"text-align: justify\"><a href=\"https:\/\/artesia.cafeblog.hu\/files\/2016\/11\/DSC_0073.jpg\"><img class=\"size-medium wp-image-458 aligncenter\" src=\"https:\/\/artesia.cafeblog.hu\/files\/2016\/11\/DSC_0073-176x300.jpg\" alt=\"\" width=\"176\" height=\"300\" \/><\/a><\/p>\r\n<p style=\"text-align: justify\">A \"sz\u00fcrk\u00e9z\u00e9s\" ut\u00e1n egy pici aranyoz\u00e1st m\u00e9g itt-ott k\u00edv\u00e1nt, melyet f\u0151k\u00e9nt a mint\u00e1kra, m\u00e9lyed\u00e9sekre tettem. Ehhez a Pentart arany akrilj\u00e1t \u00a0haszn\u00e1ltam. Majd persze az elmaradhatatlan csiszol\u00e1s, amelyt\u0151l kopottass\u00e1 tessz\u00fck a fest\u00e9st. Ez\u00e9rt (is) szeretem a kr\u00e9tafest\u00e9ket, mert annyira k\u00f6nny\u0171 visszacsiszolni, hiszen a smirgliszivaccsal egy-k\u00e9t j\u00f3l ir\u00e1nyzott mozdulat \u00e9s m\u00e1r k\u00e9sz is.<\/p>\r\n<p style=\"text-align: justify\"><a href=\"https:\/\/artesia.cafeblog.hu\/files\/2016\/11\/DSC_0072.jpg\"><img class=\"size-medium wp-image-459 aligncenter\" src=\"https:\/\/artesia.cafeblog.hu\/files\/2016\/11\/DSC_0072-300x200.jpg\" alt=\"\" width=\"300\" height=\"200\" \/><\/a><\/p>\r\n<p style=\"text-align: justify\"><a href=\"https:\/\/artesia.cafeblog.hu\/files\/2016\/11\/0-02-05-1d9010e3b8dda705ddd9c862f0a9343f7d418ac6b2913245b7b205135751eb24_full.jpg\"><img class=\"size-medium wp-image-463 aligncenter\" src=\"https:\/\/artesia.cafeblog.hu\/files\/2016\/11\/0-02-05-1d9010e3b8dda705ddd9c862f0a9343f7d418ac6b2913245b7b205135751eb24_full-159x300.jpg\" alt=\"\" width=\"159\" height=\"300\" \/><\/a><\/p>\r\n<p style=\"text-align: justify\"><a href=\"https:\/\/artesia.cafeblog.hu\/files\/2016\/11\/DSC_0055.jpg\"><img class=\"size-medium wp-image-457 aligncenter\" src=\"https:\/\/artesia.cafeblog.hu\/files\/2016\/11\/DSC_0055-300x200.jpg\" alt=\"\" width=\"300\" height=\"200\" \/><\/a><\/p>\r\n<p style=\"text-align: justify\"><a href=\"https:\/\/artesia.cafeblog.hu\/files\/2016\/11\/DSC_0054.jpg\"><img class=\"size-medium wp-image-460 aligncenter\" src=\"https:\/\/artesia.cafeblog.hu\/files\/2016\/11\/DSC_0054-200x300.jpg\" alt=\"\" width=\"200\" height=\"300\" \/><\/a><\/p>\r\n<p style=\"text-align: justify\">Term\u00e9szetesen wax-szal z\u00e1rtam a fel\u00fcleteket, haszn\u00e1ltam clear \u00e9s dark waxot egyar\u00e1nt. A s\u00f6t\u00e9t waxot \u00e9n magam r\u00e9sz\u00e9r\u0151l nem kedvelem annyira a feh\u00e9r b\u00fatorokon, de itt a sz\u00fcrk\u00e9knek \u00e9s az aranynak k\u00f6sz\u00f6nhet\u0151en kifejezetten j\u00f3t tett az a kis \"koszol\u00e1s\", amit\u0151l m\u00e9g \u00e9rettebb lett a fel\u00fclet.<\/p>\r\n<p style=\"text-align: justify\">Azt\u00e1n annyira megszerettem \u00edgy, ahogy van, hogy gyorsan be is laktam. Konkr\u00e9tan ebbe ker\u00fcltek a fest\u00e9keim, amiket m\u00e9g \u00fagy pakolgatni is im\u00e1dok.<\/p>\r\n<p style=\"text-align: justify\"><a href=\"https:\/\/artesia.cafeblog.hu\/files\/2016\/11\/20160505_091207.jpg\"><img class=\"size-medium wp-image-462 aligncenter\" src=\"https:\/\/artesia.cafeblog.hu\/files\/2016\/11\/20160505_091207-158x300.jpg\" alt=\"\" width=\"158\" height=\"300\" \/><\/a><\/p>\r\n<p style=\"text-align: justify\">Persze az ajtaj\u00e1val lett azt\u00e1n igaz\u00e1n k\u00e9szen \u00e9s \u00edgy t\u00e9nyleg komplett eg\u00e9sz.<\/p>\r\n<p style=\"text-align: justify\"><a href=\"https:\/\/artesia.cafeblog.hu\/files\/2016\/11\/DSC_0061.jpg\"><img class=\"size-medium wp-image-464 aligncenter\" src=\"https:\/\/artesia.cafeblog.hu\/files\/2016\/11\/DSC_0061-230x300.jpg\" alt=\"\" width=\"230\" height=\"300\" \/><\/a><\/p>\r\n<p style=\"text-align: justify\"><a href=\"https:\/\/artesia.cafeblog.hu\/files\/2016\/11\/DSC_0067.jpg\"><img class=\"size-medium wp-image-465 aligncenter\" src=\"https:\/\/artesia.cafeblog.hu\/files\/2016\/11\/DSC_0067-154x300.jpg\" alt=\"\" width=\"154\" height=\"300\" \/><\/a><\/p>\r\n<p style=\"text-align: justify\"><a href=\"https:\/\/artesia.cafeblog.hu\/files\/2016\/11\/DSC_0053.jpg\"><img class=\"size-medium wp-image-467 aligncenter\" src=\"https:\/\/artesia.cafeblog.hu\/files\/2016\/11\/DSC_0053-272x300.jpg\" alt=\"\" width=\"272\" height=\"300\" \/><\/a><\/p>\r\n<p style=\"text-align: justify\">Sz\u00fcletett m\u00e9g egy t\u00e1rsa is, a k\u00f6vetkez\u0151 posztban r\u00f3la mes\u00e9lek.<\/p>\r\n<p style=\"text-align: justify\">\u00a0<\/p>\r\n<p>&nbsp;<\/p>","type":"rich","thumbnail_url":"https:\/\/artesia.cafeblog.hu\/files\/2016\/11\/konyvesszekreny_artesia_paintedfurniture-150x150.jpg","thumbnail_width":150,"thumbnail_height":150}